{"id":77,"date":"2013-10-17T23:32:01","date_gmt":"2013-10-17T21:32:01","guid":{"rendered":"http:\/\/urlaubsoase-edertal.de\/wordpress\/?page_id=77"},"modified":"2018-06-01T03:38:20","modified_gmt":"2018-06-01T02:38:20","slug":"kleingedrucktes","status":"publish","type":"page","link":"https:\/\/www.urlaubsoase-edertal.de\/?page_id=77","title":{"rendered":"Kleingedrucktes"},"content":{"rendered":"<ul>\n<li>Die genannten Preis sind Komplettpreise und beinhalten s\u00e4mtliche Nebenkosten<\/li>\n<li>Die Mieten sind im Voraus zu zahlen<\/li>\n<li>Bitte best\u00e4tigen Sie Vorbuchungen durch eine Anzahlung von 100,00 \u20ac oder der kompletten Miete<\/li>\n<li>Im Normalfall: Abreise bis 10:00 Uhr und Anreise ab 16:00 Uhr<\/li>\n<li>Die Modalit\u00e4ten der Schl\u00fcssel\u00fcbergabe werden vor Urlaubsbeginn abgesprochen<\/li>\n<li>Im Winter ist, wenn m\u00f6glich, der Eingang zum Haus ger\u00e4umt; w\u00e4hrend der Mietzeit muss der Winterdienst allerdings vom Mieter \u00fcbernommen werden<\/li>\n<li>Die K\u00fcche soll ordentlich hinterlassen werden und der M\u00fcll entsorgt sein<\/li>\n<li>Das Haus ist besenrein zu verlassen. Eine dar\u00fcber hinausgehende Endreinigung ist im Mietpreis enthalten<\/li>\n<li>Die zur Buchung notwendigen Daten werden nur f\u00fcr diesen Zweck verwendet<\/li>\n<li>Bei Nicht-Antreten des Urlaubs ist eine R\u00fcckerstattung der gezahlten Gelder nicht m\u00f6glich. Dem Mieter wird empfohlen, f\u00fcr diesen Fall eine entsprechende Versicherung abzuschlie\u00dfen<\/li>\n<li>Wir k\u00f6nnen keine Haftung f\u00fcr die Inhalte externer Links \u00fcbernehmen. F\u00fcr den Inhalt der verlinkten Seiten sind ausschlie\u00dflich deren Betreiber verantwortlich<\/li>\n<\/ul>\n","protected":false},"excerpt":{"rendered":"<p>Die genannten Preis sind Komplettpreise und beinhalten s\u00e4mtliche Nebenkosten Die Mieten sind im Voraus zu zahlen Bitte best\u00e4tigen Sie Vorbuchungen durch eine Anzahlung von 100,00 \u20ac oder der kompletten Miete Im Normalfall: Abreise bis 10:00 Uhr und Anreise ab 16:00 Uhr Die Modalit\u00e4ten der Schl\u00fcssel\u00fcbergabe werden vor Urlaubsbeginn abgesprochen Im Winter ist, wenn m\u00f6glich, der [&hellip;]<\/p>\n","protected":false},"author":1,"featured_media":0,"parent":0,"menu_order":0,"comment_status":"closed","ping_status":"open","template":"","meta":{"footnotes":""},"class_list":["post-77","page","type-page","status-publish","hentry"],"_links":{"self":[{"href":"https:\/\/www.urlaubsoase-edertal.de\/index.php?rest_route=\/wp\/v2\/pages\/77","targetHints":{"allow":["GET"]}}],"collection":[{"href":"https:\/\/www.urlaubsoase-edertal.de\/index.php?rest_route=\/wp\/v2\/pages"}],"about":[{"href":"https:\/\/www.urlaubsoase-edertal.de\/index.php?rest_route=\/wp\/v2\/types\/page"}],"author":[{"embeddable":true,"href":"https:\/\/www.urlaubsoase-edertal.de\/index.php?rest_route=\/wp\/v2\/users\/1"}],"replies":[{"embeddable":true,"href":"https:\/\/www.urlaubsoase-edertal.de\/index.php?rest_route=%2Fwp%2Fv2%2Fcomments&post=77"}],"version-history":[{"count":4,"href":"https:\/\/www.urlaubsoase-edertal.de\/index.php?rest_route=\/wp\/v2\/pages\/77\/revisions"}],"predecessor-version":[{"id":488,"href":"https:\/\/www.urlaubsoase-edertal.de\/index.php?rest_route=\/wp\/v2\/pages\/77\/revisions\/488"}],"wp:attachment":[{"href":"https:\/\/www.urlaubsoase-edertal.de\/index.php?rest_route=%2Fwp%2Fv2%2Fmedia&parent=77"}],"curies":[{"name":"wp","href":"https:\/\/api.w.org\/{rel}","templated":true}]}}